{"version":"1.0","provider_name":"Barockensemble l'Estro Armonico","provider_url":"https:\/\/www.lestroarmonico.com\/wp","author_name":"Adhi Jacinth Tanumihardja","author_url":"https:\/\/www.lestroarmonico.com\/wp\/author\/tanumihardja\/","title":"La musique chantante - Barockensemble l'Estro Armonico","type":"rich","width":600,"height":338,"html":"<blockquote class=\"wp-embedded-content\" data-secret=\"33nQ04AtI9\"><a href=\"https:\/\/www.lestroarmonico.com\/wp\/programme\/la-musique-chantante\/\">La musique chantante<\/a><\/blockquote><iframe sandbox=\"allow-scripts\" security=\"restricted\" src=\"https:\/\/www.lestroarmonico.com\/wp\/programme\/la-musique-chantante\/embed\/#?secret=33nQ04AtI9\" width=\"600\" height=\"338\" title=\"&#8222;La musique chantante&#8220; &#8211; Barockensemble l&#039;Estro Armonico\" data-secret=\"33nQ04AtI9\" frameborder=\"0\" marginwidth=\"0\" marginheight=\"0\" scrolling=\"no\" class=\"wp-embedded-content\"><\/iframe><script>\n\/*! This file is auto-generated *\/\n!function(d,l){\"use strict\";l.querySelector&&d.addEventListener&&\"undefined\"!=typeof URL&&(d.wp=d.wp||{},d.wp.receiveEmbedMessage||(d.wp.receiveEmbedMessage=function(e){var t=e.data;if((t||t.secret||t.message||t.value)&&!\/[^a-zA-Z0-9]\/.test(t.secret)){for(var s,r,n,a=l.querySelectorAll('iframe[data-secret=\"'+t.secret+'\"]'),o=l.querySelectorAll('blockquote[data-secret=\"'+t.secret+'\"]'),c=new RegExp(\"^https?:$\",\"i\"),i=0;i<o.length;i++)o[i].style.display=\"none\";for(i=0;i<a.length;i++)s=a[i],e.source===s.contentWindow&&(s.removeAttribute(\"style\"),\"height\"===t.message?(1e3<(r=parseInt(t.value,10))?r=1e3:~~r<200&&(r=200),s.height=r):\"link\"===t.message&&(r=new URL(s.getAttribute(\"src\")),n=new URL(t.value),c.test(n.protocol))&&n.host===r.host&&l.activeElement===s&&(d.top.location.href=t.value))}},d.addEventListener(\"message\",d.wp.receiveEmbedMessage,!1),l.addEventListener(\"DOMContentLoaded\",function(){for(var e,t,s=l.querySelectorAll(\"iframe.wp-embedded-content\"),r=0;r<s.length;r++)(t=(e=s[r]).getAttribute(\"data-secret\"))||(t=Math.random().toString(36).substring(2,12),e.src+=\"#?secret=\"+t,e.setAttribute(\"data-secret\",t)),e.contentWindow.postMessage({message:\"ready\",secret:t},\"*\")},!1)))}(window,document);\n\/\/# sourceURL=https:\/\/www.lestroarmonico.com\/wp\/wp-includes\/js\/wp-embed.min.js\n<\/script>\n","description":"In der Mitte des 18. Jahrhunderts war in Europa ein tiefgreifender sozialer Wandel zu beobachten: Die Aufkl\u00e4rung ver\u00e4nderte in den kommenden Jahrzehnten nahezu alle Lebensbereiche. Der Absolutismus wurde in Frage gestellt und schlie\u00dflich von der franz\u00f6sischen Revolution dahingefegt, ein selbstbewusstes B\u00fcrgertum war im Entstehen, das Wirtschaftssystem \u00e4nderte sich durch beginnenden Aktienhandel und industrielle Revolution, die &hellip; \u201e\u201c weiterlesen"}